{"id":290,"date":"2012-01-12T23:34:48","date_gmt":"2012-01-12T22:34:48","guid":{"rendered":"http:\/\/kirche-ostenfeld.de\/wordpress"},"modified":"2026-04-07T19:42:48","modified_gmt":"2026-04-07T18:42:48","slug":"kindertagesstatte-2","status":"publish","type":"page","link":"https:\/\/kirche-ostenfeld.de\/wordpress\/kindertagesstatte-2","title":{"rendered":"Kindertagesst\u00e4tte"},"content":{"rendered":"<div style=\"background: #FFFFFF;\">\n<p class=\"Normal\" style=\"background: #FFFFFF;\">Das Ev. Kindertagesst\u00e4ttenwerk Nordfriesland ist Tr\u00e4ger unserer modernen Kindertagesst\u00e4tte mit drei Standorten: Dem Haupthaus (Schwarzen Weg 12, Ostenfeld), der Au\u00dfenstelle Wittbek (Knickweg 4, Wittbek) und der Waldgruppe im Kirchenwald an der Stra\u00dfe nach Rott. Im Haupthaus werden zwei altersgemischte Gruppen und zwei Krippengruppen betreut.<\/p>\n<p class=\"Normal\" style=\"background: #FFFFFF;\"><strong>Betreuungsangebot<\/strong><br \/>\n3 Kindergartengruppen (3 bis 6 Jahre),<br \/>\n1 Kindergartengruppe in der Au\u00dfenstelle Wittbek (3 bis 6 Jahre),<br \/>\n1 Waldgruppe (3 bis 6 Jahre),<br \/>\n2 Krippengruppen (1 bis 3 Jahre)<br \/>\n1 altersgemischte Gruppe (1 bis 6 Jahre)<\/p>\n<p class=\"Normal\" style=\"background: #FFFFFF;\"><strong>\u00d6ffnungszeiten<br \/>\n<\/strong>montags bis freitags von 7 bis 17 Uhr<\/p>\n<p class=\"Normal\" style=\"background: #FFFFFF;\"><strong>Schlie\u00dfzeiten<\/strong><br \/>\nDie ersten zwei Wochen der Sommerferien SH (in der dritten Ferienwoche bieten wir eine Bedarfsgruppe f\u00fcr Berufst\u00e4tige an) sowie zwischen Weihnachten und Neujahr<\/p>\n<p class=\"Normal\" style=\"background: #FFFFFF;\"><strong>Anmeldung<br \/>\n<\/strong>Jeden Dienstag oder nach telefonischer Absprache<\/p>\n<\/div>\n<p style=\"text-align: right;\"><em><span style=\"color: #888888;\"><strong><span style=\"color: #ff0000;\">TIPP<\/span> <\/strong>Klicken Sie hier rechts oben in der &#8222;<strong>Wolke<\/strong>&#8220; auf das Stichwort <strong>Kinder<\/strong>,<br \/>\ndann bekommen Sie alle Artikel aufgelistet,<br \/>\nin denen es um Kinder und unsere Kindertagesst\u00e4tte geht!<\/span><\/em><\/p>\n<div style=\"background: #FFFFFF;\">\n<p class=\"Normal\" style=\"background: #FFFFFF;\"><strong>Unser Leitsatz<\/strong><br \/>\nHilf mir, die T\u00fcren der Welt zu \u00f6ffnen,<br \/>\nund gib mir Raum und Zeit,<br \/>\ndas Dahinterliegende mit all meinen Sinnen freudig zu entdecken;<br \/>\nsteh mir liebevoll, unterst\u00fctzend zur Seite<br \/>\nund gib mir die M\u00f6glichkeit,<br \/>\naus meinen eigenen Erfahrungen von- und miteinander zu lernen,<br \/>\num so in der Mitte der Anderen zu mir selbst zu finden.<\/p>\n<p class=\"Normal\" style=\"background: #FFFFFF;\">Die Mitarbeiterinnen dieser Einrichtungen setzen eine moderne kinderorientierte, liebevolle und christlich orientierte P\u00e4dagogik um, die die aktuellen Bildungsstandards aufnimmt. St\u00e4ndig werden die Mitarbeitenden fortgebildet und nehmen an Programmen der Qualit\u00e4tsentwicklung teil.<\/p>\n<p class=\"Normal\" style=\"background: #FFFFFF;\">In unserer evangelischen Kindertagesst\u00e4tte sind Kinder aller Konfessionen und aller Religionen willkommen!<\/p>\n<p class=\"Normal\" style=\"background: #FFFFFF;\">Hier wird eine integrierte Religionsp\u00e4dagogik gelebt, was nichts anderes bedeutet, als dass alle Mitarbeitenden der Kindertagesst\u00e4tten die Kinder auf der Basis des christlichen Gottes- und Menschenbildes zur Bew\u00e4ltigung heutiger Lebenssituationen bef\u00e4higen wollen. Dazu geh\u00f6ren der Erwerb von Autonomie, Eigenverantwortlichkeit, Selbstst\u00e4ndigkeit, Solidarit\u00e4t und Empathie.<br \/>\nDie p\u00e4dagogischen Grundgedanken sind in einer Konzeption zusammengefasst, die \u00fcber die Kindertagesst\u00e4tte erh\u00e4ltlich sind.<\/p>\n<p class=\"Normal\" style=\"background: #FFFFFF;\"><strong>So erreichen Sie uns<\/strong><br \/>\nEvangelische Kindertagesst\u00e4tte Ostenfeld<br \/>\nLeiterin: Andrea St\u00f6hrmann, Telefon 04845 \/ 1480<br \/>\nMail: <a href=\"mailto:kita-ostenfeld@ev-kita-werk.de\">kita-ostenfeld@ev-kita-werk.de<\/a><br \/>\nDie Waldgruppe ist \u00fcber ein Handy erreichbar, Telefon 0170 \/ 3036029<\/p>\n<\/div>\n<div id=\"_mcePaste\" style=\"position: absolute; left: -10000px; top: 0px; width: 1px; height: 1px; overflow: hidden;\">\n<p class=\"Normal\">Hilf mir, die T\u00fcren der Welt zu \u00f6ffnen<\/p>\n<p class=\"Normal\">und gib mir Raum und Zeit,<\/p>\n<p class=\"Normal\">das Dahinterliegende mit all meinen Sinnen freudig zu entdecken;<\/p>\n<p class=\"Normal\">steh mir liebevoll, unterst\u00fctzend zur Seite<\/p>\n<p class=\"Normal\">und gib mir die M\u00f6glichkeit, aus meinen eigenen Erfahrungen von- und miteinander zu lernen,<\/p>\n<p class=\"Normal\">um so in der Mitte der Anderen zu mir selbst zu finden.<\/p>\n<\/div>\n","protected":false},"excerpt":{"rendered":"<p>Das Ev. Kindertagesst\u00e4ttenwerk Nordfriesland ist Tr\u00e4ger unserer modernen Kindertagesst\u00e4tte mit drei Standorten: Dem Haupthaus (Schwarzen Weg 12, Ostenfeld), der Au\u00dfenstelle Wittbek (Knickweg 4, Wittbek) und der Waldgruppe im Kirchenwald an der Stra\u00dfe nach Rott. Im Haupthaus werden zwei altersgemischte Gruppen &hellip; <a href=\"https:\/\/kirche-ostenfeld.de\/wordpress\/kindertagesstatte-2\">Weiterlesen <span class=\"meta-nav\">&rarr;<\/span><\/a><\/p>\n","protected":false},"author":2,"featured_media":0,"parent":0,"menu_order":6,"comment_status":"closed","ping_status":"closed","template":"","meta":{"footnotes":""},"class_list":["post-290","page","type-page","status-publish","hentry"],"_links":{"self":[{"href":"https:\/\/kirche-ostenfeld.de\/wordpress\/wp-json\/wp\/v2\/pages\/290","targetHints":{"allow":["GET"]}}],"collection":[{"href":"https:\/\/kirche-ostenfeld.de\/wordpress\/wp-json\/wp\/v2\/pages"}],"about":[{"href":"https:\/\/kirche-ostenfeld.de\/wordpress\/wp-json\/wp\/v2\/types\/page"}],"author":[{"embeddable":true,"href":"https:\/\/kirche-ostenfeld.de\/wordpress\/wp-json\/wp\/v2\/users\/2"}],"replies":[{"embeddable":true,"href":"https:\/\/kirche-ostenfeld.de\/wordpress\/wp-json\/wp\/v2\/comments?post=290"}],"version-history":[{"count":32,"href":"https:\/\/kirche-ostenfeld.de\/wordpress\/wp-json\/wp\/v2\/pages\/290\/revisions"}],"predecessor-version":[{"id":6621,"href":"https:\/\/kirche-ostenfeld.de\/wordpress\/wp-json\/wp\/v2\/pages\/290\/revisions\/6621"}],"wp:attachment":[{"href":"https:\/\/kirche-ostenfeld.de\/wordpress\/wp-json\/wp\/v2\/media?parent=290"}],"curies":[{"name":"wp","href":"https:\/\/api.w.org\/{rel}","templated":true}]}}